{"id":34,"date":"2025-01-04T19:10:45","date_gmt":"2025-01-04T22:10:45","guid":{"rendered":"https:\/\/cuidativa.ufpel.edu.br\/wordpress\/?page_id=34"},"modified":"2025-02-06T15:30:01","modified_gmt":"2025-02-06T18:30:01","slug":"manejo-da-dor-cronica","status":"publish","type":"page","link":"https:\/\/cuidativa.ufpel.edu.br\/index.php\/manejo-da-dor-cronica\/","title":{"rendered":"Manejo da Dor Cr\u00f4nica"},"content":{"rendered":"\n<p class=\"wp-block-paragraph\"><strong>Curso de Qualifica\u00e7\u00e3o em Aten\u00e7\u00e3o Prim\u00e1ria sobre Manejo da Dor Cr\u00f4nica e S\u00edndromes dolorosas <\/strong>tem como<strong> <\/strong>objetivo qualificar\u00a0 1000 profissionais que atuam na Aten\u00e7\u00e3o Prim\u00e1ria \u00e0 Sa\u00fade, na modalidade aperfei\u00e7oamento, a fim de aportar mais conhecimento, habilidades e atitude em cuidado interdisciplinar para cuidar de pessoas que apresentam Dor Cr\u00f4nica (DC) ou S\u00edndromes Dolorosas que causam sofrimento de ordem f\u00edsica, emocional, social e espiritual. Neste contexto, existe a necessidade de aprimorar e qualificar as estrat\u00e9gias para o reconhecimento, avalia\u00e7\u00e3o e tratamento\u00a0 (farmacol\u00f3gico e n\u00e3o farmacol\u00f3gico) para indiv\u00edduos que sofrem de DC ou S\u00edndromes Dolorosas. O curso ocorrer\u00e1 com atividades \u00e0 dist\u00e2ncia e presenciais, com uma dura\u00e7\u00e3o de 12 (doze) meses contando com uma carga hor\u00e1ria de 180 horas.<\/p>\n\n\n\n<p class=\"wp-block-paragraph\">Projeto de forma\u00e7\u00e3o em desenvolvimento (2024 &#8211; 2026)<br>Mais informa\u00e7\u00f5es, em breve!<\/p>\n\n\n\n<h3 class=\"wp-block-heading\">Resumo<\/h3>\n\n\n\n<p class=\"wp-block-paragraph\">O projeto ter\u00e1 como principal objetivo realizar a qualifica\u00e7\u00e3o de 1000 profissionais que atuam na Aten\u00e7\u00e3o Prim\u00e1ria \u00e0 Sa\u00fade, na modalidade aperfei\u00e7oamento, a fim de aportar mais conhecimento, habilidades e atitude sem cuidado interdisciplinar para cuidar de pessoas que apresentam Dor Cr\u00f4nica (DC)ou S\u00edndromes Dolorosas que causam sofrimento de ordem f\u00edsica, emocional, social e espiritual. Neste contexto, existe a necessidade de aprimorar e qualificar as estrat\u00e9gias para o reconhecimento, avalia\u00e7\u00e3o e tratamento&nbsp; (farmacol\u00f3gico e n\u00e3o farmacol\u00f3gico)para indiv\u00edduos que sofrem de DC ou S\u00edndromes Dolorosas. O curso ocorrer\u00e1 com atividades \u00e0 dist\u00e2ncia e presenciais, com uma dura\u00e7\u00e3o de 12 (doze) meses contando com uma carga hor\u00e1ria de 180 horas.<\/p>\n\n\n\n<p class=\"wp-block-paragraph\"><strong>\u00d3rg\u00e3o ou entidade integrante dos Or\u00e7amentos Fiscal e da Seguridade Social da Uni\u00e3o &#8211; Institui\u00e7\u00e3o Proponente &#8211; <\/strong>Universidade Federal de Pelotas (UFPEL)&nbsp;<br><strong>Coordenador(a) geral do Projeto \u2013 <\/strong>Julieta Carriconde Fripp<br><strong>\u00c1rea t\u00e9cnica\/final\u00edstica do Minist\u00e9rio da Sa\u00fade (MS) \u2013 <\/strong>Secretaria de Aten\u00e7\u00e3o Prim\u00e1ria em Sa\u00fade (SAPS).<\/p>\n\n\n\n<h3 class=\"wp-block-heading\"><strong>Contextualiza\u00e7\u00e3o do projeto<\/strong><\/h3>\n\n\n\n<p class=\"wp-block-paragraph\">O projeto possui grande relev\u00e2ncia para o cuidado em sa\u00fade na APS e SUS. Considerando que ser\u00e1 priorizada a forma\u00e7\u00e3o de profissionais inseridos diretamente no acolhimento de demandas relacionadas ao sintoma de Dor e S\u00edndromes Dolorosas mais frequentemente atendidas na APS, incluindo artropatias, cefaleias, lombalgia, dor relacionada ao c\u00e2ncer, fibromialgia entre outras.&nbsp; A qualifica\u00e7\u00e3o prevista no projeto permitir\u00e1 englobar perspectivas amplas de cuidado a fim de minimizar o sofrimento relacionado a Dor (aguda e cr\u00f4nica), incluindo tamb\u00e9m seus aspecto emocionais, sociais e espirituais.&nbsp; A metodologia do curso prev\u00ea atingir profissionais de v\u00e1rias regi\u00f5es do pa\u00eds e dos mais variados locais de atua\u00e7\u00e3o na APS. Os conte\u00fados disponibilizados na plataforma online ser\u00e3o abrangentes e focados nas necessidades vividas no territ\u00f3rio e cuidados aos usu\u00e1rios. Al\u00e9m de conhecimento te\u00f3rico com ampla literatura e material para estudos, os sujeitos, ao aderirem ao curso ter\u00e3o oportunidade de desenvolver estrat\u00e9gias de cuidado a partir de casos cl\u00ednicos e tamb\u00e9m v\u00eddeos disparadores que apontam para estrat\u00e9gias interdisciplinares de cuidado, bem como manejo farmacol\u00f3gico e n\u00e3o farmacol\u00f3gico baseado em conhecimento cientifico e boas pr\u00e1ticas, com vistas ao desenvolvimento de habilidades para alivio da Dor Total e do sofrimento, resultando em&nbsp; maior qualidade de vida dos usu\u00e1rios nas suas comunidades.<\/p>\n\n\n\n<p class=\"wp-block-paragraph\">Tamb\u00e9m ser\u00e1 realizado um diagn\u00f3stico situacional e pr\u00e9-teste aos participantes do curso, com vistas a conhecer a realidade do local de atua\u00e7\u00e3o profissional e o conhecimento pr\u00e9vio sobre diagn\u00f3stico e manejo da DC e principais S\u00edndromes Dolorosas. Isso permitir\u00e1 ao longo do curso monitorar a evolu\u00e7\u00e3o e crescimento potencial dos profissionais em campo pr\u00e1tico. Ao final da forma\u00e7\u00e3o ser\u00e1 realizado novo diagn\u00f3stico situacional e nova avalia\u00e7\u00e3o de conhecimentos relacionados ao tema.<\/p>\n\n\n\n<h3 class=\"wp-block-heading\"><strong>Justificativa e motiva\u00e7\u00e3o para celebra\u00e7\u00e3o do instrumento<\/strong><\/h3>\n\n\n\n<p class=\"wp-block-paragraph\">Dor \u00e9 uma experi\u00eancia sensitiva e emocional desagrad\u00e1vel associada ou que lembra a sensa\u00e7\u00e3o causada por uma les\u00e3o tecidual real ou potencial(1). O conceito da dor \u00e9 constru\u00eddo por cada indiv\u00edduo, influenciado por fatores biopsicossociais e com base em experi\u00eancias dolorosas. Quanto \u00e0 dura\u00e7\u00e3o, pode ser classificada em aguda e cr\u00f4nica, sendo a DC aquela que persiste ap\u00f3s tr\u00eas meses al\u00e9m do tempo habitual de cura de uma les\u00e3o, ou que est\u00e1 associada a processos patol\u00f3gicos cr\u00f4nicos, que causam dor cont\u00ednua ou recorrente(2). A sintomatologia da dor (aguda ou cr\u00f4nica) deve ser acolhida e valorizada pelos profissionais de sa\u00fade em geral, independentemente da capacidade do indiv\u00edduo de se comunicar verbalmente, e em diferentes cen\u00e1rios assistenciais. Grande parte dos usu\u00e1rios que apresentam dor cr\u00f4nica, em geral, procuram atendimento e aten\u00e7\u00e3o na APS, incluindo dor leve, moderada e intensa de diversas causas e temporalidade, que podem ocasionar impacto e redu\u00e7\u00e3o progressiva nas atividades de vida di\u00e1ria, limita\u00e7\u00e3o dos contatos sociais, influenciando negativamente na qualidade de vida (3). A DC mal manejada resulta em preju\u00edzos para sa\u00fade, para o sistema de sa\u00fade em termos de alta utiliza\u00e7\u00e3o de servi\u00e7os de sa\u00fade e elevados custos de tratamento, e para sociedade como um todo, pois resulta em incapacidade tempor\u00e1ria ou permanente e alto \u00edndice de absente\u00edsmos (4, 5). No Brasil, os dados dispon\u00edveis sobre a preval\u00eancia de dor cr\u00f4nica mostram que at\u00e9 45% da popula\u00e7\u00e3o sofre com dor cr\u00f4nica, sendo predominante em mulheres e na regi\u00e3o lombar (6).<\/p>\n\n\n\n<p class=\"wp-block-paragraph\">Apesar do crescente reconhecimento da DC como uma crise de sa\u00fade p\u00fablica, h\u00e1 ainda uma grande variabilidade no seu manejo e os profissionais de sa\u00fade, especialmente os da aten\u00e7\u00e3o prim\u00e1ria, ainda carecem de educa\u00e7\u00e3o e treinamento sobre sua abordagem eficaz&nbsp; (7, 8). Isso repercute no aumento das pessoas em uso cont\u00ednuo de servi\u00e7os de sa\u00fade e por consequ\u00eancia o aumento da necessidade de cuidados multiprofissionais. Tendo em vista que a APS deve ser preferencialmente a porta de entrada do sistema de sa\u00fade, de modo a responder a maior parte das necessidades de sa\u00fade de forma sist\u00eamica, \u00e9 imposs\u00edvel desconsiderar o aumento dessas doen\u00e7as e a necessidade de um olhar ampliado sobre a DC em conformidade com evid\u00eancias e os indicadores que temos.&nbsp; Por ser a DC um fen\u00f4meno biopsicossocial e n\u00e3o puramente biol\u00f3gico, os profissionais de sa\u00fade na APS devem estar aptos a considerar uma abordagem multidisciplinar e colaborativa para o gerenciamento tratamento da dor cr\u00f4nica (5).<\/p>\n\n\n\n<p class=\"wp-block-paragraph\">O programa educacional proposto, al\u00e9m de valorizar os aspectos contextuais regionais, dever\u00e1 ser capaz de empoderar os profissionais de sa\u00fade a desenvolver o conhecimento e as habilidades para trabalhar em equipes interdisciplinares para lidar com pacientes com condi\u00e7\u00f5es complexas de dor. Os profissionais de sa\u00fade trabalhar\u00e3o em comunidades de pr\u00e1tica para desenvolver planos de avalia\u00e7\u00e3o e tratamento, com base em formula\u00e7\u00f5es diagn\u00f3sticas e terap\u00eauticas abrangentes.<\/p>\n\n\n\n<h3 class=\"wp-block-heading\">Objetivo Geral<\/h3>\n\n\n\n<p class=\"wp-block-paragraph\">Formar profissionais que atuam na Aten\u00e7\u00e3o Prim\u00e1ria \u00e0 Sa\u00fade (APS) para identificar, manejar e controlar a Dor e S\u00edndromes Dolorosas que acometem usu\u00e1rios atendidos na APS.<\/p>\n\n\n\n<h3 class=\"wp-block-heading\"><strong>Objetivos espec\u00edficos<\/strong><\/h3>\n\n\n\n<p class=\"wp-block-paragraph\">&#8211; <strong>Construir <\/strong>um novo modelo assistencial centrado no cuidado \u00e0s pessoas com dores cr\u00f4nicas, considerando v\u00e1rios aspectos da dor (social, espiritual, emocional e f\u00edsica);<\/p>\n\n\n\n<p class=\"wp-block-paragraph\">&#8211; <strong>Melhorar<\/strong> a qualidade de aten\u00e7\u00e3o \u00e0 sa\u00fade aos pacientes e familiares que sofrem com dores cr\u00f4nicas, ampliando a assist\u00eancia e continuidade do cuidado, gerando boas pr\u00e1ticas da APS junto \u00e0 comunidade;<\/p>\n\n\n\n<p class=\"wp-block-paragraph\">&#8211;&nbsp; <strong>Promover<\/strong> o cuidado da pessoa com dor cr\u00f4nica com enfoque interdisciplinar, no intuito de ampliar o conhecimento e gerar um trabalho colaborativo e articulado entre os profissionais.<\/p>\n\n\n\n<p class=\"wp-block-paragraph\">&#8211; <strong>Desenvolver <\/strong>uma metodologia de pesquisa para abordagem da popula\u00e7\u00e3o que sofre com dores cr\u00f4nicas no \u00e2mbito da Aten\u00e7\u00e3o Prim\u00e1ria \u00e0 Sa\u00fade.<\/p>\n\n\n\n<p class=\"wp-block-paragraph\">&#8211; <strong>Oportunizar<\/strong> estrat\u00e9gias de manejo n\u00e3o farmacol\u00f3gico para situa\u00e7\u00f5es diversas no controle da Dor Cr\u00f4nica&nbsp;<\/p>\n\n\n\n<p class=\"wp-block-paragraph\">&#8211;<strong> Sensibilizar <\/strong>profissionais que atuam na APS sobre a import\u00e2ncia do controle e manejo da Dor nos pacientes em Cuidados Paliativos<\/p>\n\n\n\n<h3 class=\"wp-block-heading\"><strong>M\u00f3dulos:<\/strong><\/h3>\n\n\n\n<ul class=\"wp-block-list\">\n<li>M\u00f3dulo 1. A natureza multidimensional da dor&nbsp;&nbsp;<\/li>\n\n\n\n<li>M\u00f3dulo 2: Neuroanatomia e Neurofisiologia da dor<\/li>\n\n\n\n<li>M\u00f3dulo 3: Avalia\u00e7\u00e3o e mensura\u00e7\u00e3o da dor e seus efeitos<\/li>\n\n\n\n<li>M\u00f3dulo 4: Principais s\u00edndromes dolorosas<\/li>\n\n\n\n<li>M\u00f3dulo 5: Manejo farmacol\u00f3gico da dor cr\u00f4nica<\/li>\n\n\n\n<li>M\u00f3dulo 6: Manejo n\u00e3o farmacol\u00f3gico da dor cr\u00f4nica<\/li>\n\n\n\n<li>M\u00f3dulo 7. Pr\u00e1ticas Integrativas e Complementares em Sa\u00fade<\/li>\n<\/ul>\n","protected":false},"excerpt":{"rendered":"<p>Curso de Qualifica\u00e7\u00e3o em Aten\u00e7\u00e3o Prim\u00e1ria sobre Manejo da Dor Cr\u00f4nica e S\u00edndromes dolorosas tem como objetivo qualificar\u00a0 1000 profissionais que atuam na Aten\u00e7\u00e3o Prim\u00e1ria \u00e0 Sa\u00fade, na modalidade aperfei\u00e7oamento, a fim de aportar mais conhecimento, habilidades e atitude em cuidado interdisciplinar para cuidar de pessoas que apresentam Dor Cr\u00f4nica (DC) ou S\u00edndromes Dolorosas que [&hellip;]<\/p>\n","protected":false},"author":1,"featured_media":0,"parent":0,"menu_order":0,"comment_status":"closed","ping_status":"closed","template":"","meta":{"footnotes":""},"class_list":["post-34","page","type-page","status-publish","hentry"],"_links":{"self":[{"href":"https:\/\/cuidativa.ufpel.edu.br\/index.php\/wp-json\/wp\/v2\/pages\/34","targetHints":{"allow":["GET"]}}],"collection":[{"href":"https:\/\/cuidativa.ufpel.edu.br\/index.php\/wp-json\/wp\/v2\/pages"}],"about":[{"href":"https:\/\/cuidativa.ufpel.edu.br\/index.php\/wp-json\/wp\/v2\/types\/page"}],"author":[{"embeddable":true,"href":"https:\/\/cuidativa.ufpel.edu.br\/index.php\/wp-json\/wp\/v2\/users\/1"}],"replies":[{"embeddable":true,"href":"https:\/\/cuidativa.ufpel.edu.br\/index.php\/wp-json\/wp\/v2\/comments?post=34"}],"version-history":[{"count":3,"href":"https:\/\/cuidativa.ufpel.edu.br\/index.php\/wp-json\/wp\/v2\/pages\/34\/revisions"}],"predecessor-version":[{"id":125,"href":"https:\/\/cuidativa.ufpel.edu.br\/index.php\/wp-json\/wp\/v2\/pages\/34\/revisions\/125"}],"wp:attachment":[{"href":"https:\/\/cuidativa.ufpel.edu.br\/index.php\/wp-json\/wp\/v2\/media?parent=34"}],"curies":[{"name":"wp","href":"https:\/\/api.w.org\/{rel}","templated":true}]}}