{"id":31,"date":"2025-01-04T19:10:45","date_gmt":"2025-01-04T22:10:45","guid":{"rendered":"https:\/\/cuidativa.ufpel.edu.br\/wordpress\/?page_id=31"},"modified":"2025-05-22T19:49:04","modified_gmt":"2025-05-22T22:49:04","slug":"quem-somos","status":"publish","type":"page","link":"https:\/\/cuidativa.ufpel.edu.br\/index.php\/quem-somos\/","title":{"rendered":"Quem Somos"},"content":{"rendered":"\n<p class=\"wp-block-paragraph\">A CUID<strong>ATIVA<\/strong> \u00e9 um centro dia, que comp\u00f5e uma rede de cuidados interdisciplinar de aten\u00e7\u00e3o \u00e0 sa\u00fade, para popula\u00e7\u00e3o de Pelotas e regi\u00e3o, com atendimento 100% SUS, em ambiente ambulatorial com intera\u00e7\u00e3o de diversas \u00e1reas do conhecimento como: medicina, servi\u00e7o social, enfermagem, psicologia, fisioterapia, educa\u00e7\u00e3o f\u00edsica, entre outros, o que permite que o paciente seja assistido integralmente.<\/p>\n\n\n\n<p class=\"wp-block-paragraph\">A Unidade CUID<strong>ATIVA<\/strong> da UFPel, instalada no pr\u00e9dio da antiga Laneira, atende pacientes com diagn\u00f3stico de doen\u00e7as cr\u00f4nicas graves amea\u00e7adoras \u00e0 vida, abrangendo aten\u00e7\u00e3o ambulatorial multiprofissional, pr\u00e1ticas integrativas complementares e reabilita\u00e7\u00e3o f\u00edsica, integrados \u00e0 aten\u00e7\u00e3o domiciliar. Estes servi\u00e7os s\u00e3o exclusivamente oferecidos a usu\u00e1rios do SUS e est\u00e3o dispon\u00edveis aos habitantes dos 25 munic\u00edpios que integram a regi\u00e3o sul do RS.<\/p>\n\n\n\n<p class=\"wp-block-paragraph\">Somos profissionais de diferentes \u00e1reas da sa\u00fade, compondo uma equipe multidisciplinar com vistas \u00e0 sa\u00fade integral das pessoas.<\/p>\n\n\n\n<p class=\"wp-block-paragraph\">Trabalhamos em tr\u00eas grandes frentes:<br><\/p>\n\n\n\n<ul class=\"wp-block-list\">\n<li>Al\u00edvio da Dor Total<\/li>\n\n\n\n<li>PICS<\/li>\n\n\n\n<li>Reabilita\u00e7\u00e3o f\u00edsica<\/li>\n<\/ul>\n\n\n\n<h2 class=\"wp-block-heading\"><strong>DOR TOTAL<\/strong><\/h2>\n\n\n\n<figure class=\"wp-block-embed aligncenter is-type-video is-provider-youtube wp-block-embed-youtube wp-embed-aspect-16-9 wp-has-aspect-ratio\"><div class=\"wp-block-embed__wrapper\">\n<iframe title=\"DOR TOTAL #CuidadosPaliativos #ANCP\" width=\"500\" height=\"281\" src=\"https:\/\/www.youtube.com\/embed\/TRWkP8NLSLk?feature=oembed\" frameborder=\"0\" allow=\"accelerometer; autoplay; clipboard-write; encrypted-media; gyroscope; picture-in-picture; web-share\" referrerpolicy=\"strict-origin-when-cross-origin\" allowfullscreen><\/iframe>\n<\/div><\/figure>\n\n\n\n<h2 class=\"wp-block-heading\"><strong>PR\u00c1TICAS INTEGRATIVAS E COMPLEMENTARES EM SA\u00daDE (PICS)<\/strong><\/h2>\n\n\n\n<p class=\"wp-block-paragraph\">As Pr\u00e1ticas Integrativas e Complementares em Sa\u00fade (PICS) s\u00e3o abordagens terap\u00eauticas que t\u00eam como objetivo prevenir agravos \u00e0 sa\u00fade, a promo\u00e7\u00e3o e recupera\u00e7\u00e3o da sa\u00fade, enfatizando a escuta acolhedora, a constru\u00e7\u00e3o de la\u00e7os terap\u00eauticos e a conex\u00e3o entre ser humano, meio ambiente e sociedade. Estas pr\u00e1ticas foram institucionalizadas pela Pol\u00edtica Nacional de Pr\u00e1ticas Integrativas e Complementares no Sistema \u00danico de Sa\u00fade (PNPIC) e, atualmente, o Sistema \u00danico de Sa\u00fade (SUS) oferece, de forma integral e gratuita, 29 procedimentos de Pr\u00e1ticas Integrativas e Complementares (PICS) \u00e0 popula\u00e7\u00e3o.<\/p>\n\n\n\n<p class=\"wp-block-paragraph\">Essas condutas terap\u00eauticas desempenham um papel abrangente no SUS e podem ser incorporadas em todos os n\u00edveis da Rede de Aten\u00e7\u00e3o \u00e0 Sa\u00fade, com foco especial na Aten\u00e7\u00e3o Prim\u00e1ria, onde t\u00eam grande potencial de atua\u00e7\u00e3o. Uma das ideias centrais dessa abordagem \u00e9 uma vis\u00e3o ampliada do processo sa\u00fade e doen\u00e7a, assim como a promo\u00e7\u00e3o do cuidado integral do ser humano, especialmente do autocuidado. As indica\u00e7\u00f5es \u00e0s pr\u00e1ticas se baseiam na no indiv\u00edduo como um todo, levando em conta seus aspectos f\u00edsicos, emocionais, mentais e sociais.<\/p>\n\n\n\n<h2 class=\"wp-block-heading\"><strong>REABILITA\u00c7\u00c3O F\u00cdSICA<\/strong><\/h2>\n\n\n\n<figure class=\"wp-block-embed aligncenter is-type-video is-provider-youtube wp-block-embed-youtube wp-embed-aspect-16-9 wp-has-aspect-ratio\"><div class=\"wp-block-embed__wrapper\">\n<iframe title=\"Reabilita\u00e7\u00e3o Fisica na Unidade Cuidariva\" width=\"500\" height=\"281\" src=\"https:\/\/www.youtube.com\/embed\/fDHQNNJ0AGg?feature=oembed\" frameborder=\"0\" allow=\"accelerometer; autoplay; clipboard-write; encrypted-media; gyroscope; picture-in-picture; web-share\" referrerpolicy=\"strict-origin-when-cross-origin\" allowfullscreen><\/iframe>\n<\/div><\/figure>\n\n\n\n<p class=\"wp-block-paragraph\">O decl\u00ednio funcional \u00e9 uma condi\u00e7\u00e3o comum entre os pacientes em Cuidados Paliativos. A manuten\u00e7\u00e3o da habilidade de executar as atividades da vida di\u00e1ria \u00e9 um objetivo importante nesse tipo de cuidado, dadas suas implica\u00e7\u00f5es positivas na estrutura familiar, nos relacionamentos, no trabalho e na vida social, resultando em aumento da qualidade de vida.<\/p>\n\n\n\n<p class=\"wp-block-paragraph\">Diminuir o sofrimento \u00e9 um dos alvos principais na presta\u00e7\u00e3o de Cuidados Paliativos e a reabilita\u00e7\u00e3o \u00e9 uma das estrat\u00e9gias que apresenta maior potencial para alcan\u00e7\u00e1-lo. Alguns dos potenciais benef\u00edcios da reabilita\u00e7\u00e3o incluem a melhora de mobilidade, fadiga, dor, dispn\u00e9ia e estado emocional. O planejamento do tratamento deve ser feito de maneira individual e baseado no progn\u00f3stico geral e no potencial para a recupera\u00e7\u00e3o funcional, assim como no desejo e na motiva\u00e7\u00e3o do paciente para atingir esse objetivo.&nbsp;<\/p>\n\n\n\n<p class=\"wp-block-paragraph\">Muitas interven\u00e7\u00f5es podem ser utilizadas, como a fisioterapia, a terapia ocupacional, musicoterapia, pet terapia, dan\u00e7a, muscula\u00e7\u00e3o, aer\u00f3bica. exerc\u00edcios localizados entre outras Pr\u00e1ticas Integrativas Complementares.&nbsp;<\/p>\n\n\n\n<p class=\"wp-block-paragraph\">A reabilita\u00e7\u00e3o funcional \u00e9 uma estrat\u00e9gia que permite reduzir o decl\u00ednio funcional e melhorar a qualidade de vida em pacientes sob Cuidados Paliativos, destacando-se no entanto a necessidade de realiza\u00e7\u00e3o de estudos capazes de obter resultados confi\u00e1veis e promover interven\u00e7\u00f5es seguras e que resultem em melhor qualidade de vida para essa popula\u00e7\u00e3o.<\/p>\n","protected":false},"excerpt":{"rendered":"<p>A CUIDATIVA \u00e9 um centro dia, que comp\u00f5e uma rede de cuidados interdisciplinar de aten\u00e7\u00e3o \u00e0 sa\u00fade, para popula\u00e7\u00e3o de Pelotas e regi\u00e3o, com atendimento 100% SUS, em ambiente ambulatorial com intera\u00e7\u00e3o de diversas \u00e1reas do conhecimento como: medicina, servi\u00e7o social, enfermagem, psicologia, fisioterapia, educa\u00e7\u00e3o f\u00edsica, entre outros, o que permite que o paciente seja [&hellip;]<\/p>\n","protected":false},"author":1,"featured_media":0,"parent":0,"menu_order":0,"comment_status":"closed","ping_status":"closed","template":"","meta":{"footnotes":""},"class_list":["post-31","page","type-page","status-publish","hentry"],"_links":{"self":[{"href":"https:\/\/cuidativa.ufpel.edu.br\/index.php\/wp-json\/wp\/v2\/pages\/31","targetHints":{"allow":["GET"]}}],"collection":[{"href":"https:\/\/cuidativa.ufpel.edu.br\/index.php\/wp-json\/wp\/v2\/pages"}],"about":[{"href":"https:\/\/cuidativa.ufpel.edu.br\/index.php\/wp-json\/wp\/v2\/types\/page"}],"author":[{"embeddable":true,"href":"https:\/\/cuidativa.ufpel.edu.br\/index.php\/wp-json\/wp\/v2\/users\/1"}],"replies":[{"embeddable":true,"href":"https:\/\/cuidativa.ufpel.edu.br\/index.php\/wp-json\/wp\/v2\/comments?post=31"}],"version-history":[{"count":7,"href":"https:\/\/cuidativa.ufpel.edu.br\/index.php\/wp-json\/wp\/v2\/pages\/31\/revisions"}],"predecessor-version":[{"id":965,"href":"https:\/\/cuidativa.ufpel.edu.br\/index.php\/wp-json\/wp\/v2\/pages\/31\/revisions\/965"}],"wp:attachment":[{"href":"https:\/\/cuidativa.ufpel.edu.br\/index.php\/wp-json\/wp\/v2\/media?parent=31"}],"curies":[{"name":"wp","href":"https:\/\/api.w.org\/{rel}","templated":true}]}}