{"id":137,"date":"2025-02-06T16:16:41","date_gmt":"2025-02-06T19:16:41","guid":{"rendered":"https:\/\/cuidativa.ufpel.edu.br\/wordpress\/?page_id=137"},"modified":"2025-05-27T17:08:14","modified_gmt":"2025-05-27T20:08:14","slug":"137-2","status":"publish","type":"page","link":"https:\/\/cuidativa.ufpel.edu.br\/index.php\/137-2\/","title":{"rendered":"Home"},"content":{"rendered":"\n<p style=\"margin-top:50px;\">A CUID<b>ATIVA<\/b> \u00e9 um espa\u00e7o para pacientes que sofrem por doen\u00e7as cr\u00f4nicas amea\u00e7adoras \u00e0 vida, seus familiares e cuidadores, que possuem limitados recursos financeiros para aliviar suas dores sociais, afetivas, f\u00edsicas e espirituais. O cuidado \u00e9 pela educa\u00e7\u00e3o humanizada, comprometida com uma forma\u00e7\u00e3o qualificada e solid\u00e1ria com a redu\u00e7\u00e3o do sofrimento humano.<a href=\"https:\/\/cuidativa.ufpel.edu.br\/wordpress\/index.php\/a-cuidativa\/\"> SAIBA MAIS!<\/a><\/p>\n\n\n\n<div class=\"wp-block-columns is-layout-flex wp-container-core-columns-is-layout-8f761849 wp-block-columns-is-layout-flex\">\n<div class=\"wp-block-column is-layout-flow wp-block-column-is-layout-flow\" style=\"flex-basis:66.66%\">\n<style>\n\t#hotspot-638 .hotspots-image-container,\n\t#hotspot-638 .leaflet-container {\n\t\tbackground: #ffffff\t}\n\n\t#hotspot-638 .hotspots-placeholder {\n\t\tbackground: #2E2D29;\n\t\tborder: 0 #2E2D29 solid;\n\t\tcolor: #ffffff;\n\t}\n\n\t#hotspot-638 .hotspot-title {\n\t\tcolor: #93C7A4;\n\t}\n\n\t\/* Allow long heading words (e.g. long compound words) to wrap instead of being clipped by the info box *\/\n\t#hotspot-638 .hotspot-title,\n\t.featherlight .featherlight-content.lightbox-638 .hotspot-title {\n\t\toverflow-wrap: break-word;\n\t\tword-break: break-word;\n\t}\n\n\t\t\t#hotspot-638 .hotspot-default {\n\t\t\tstroke-width: -1;\n\t\t\tfill: #ffffff;\n\t\t\tfill-opacity: 0;\n\t\t\tstroke: #ffffff;\n\t\t\tstroke-opacity: 0;\n\t\t}\n\t\t#hotspot-638 .hotspot-default:hover,\n\t\t#hotspot-638 .hotspot-default:focus-visible,\n\t\t#hotspot-638 .hotspot-default.hotspot-active {\n\t\t\tfill: #ffffff;\n\t\t\tfill-opacity: 0.01;\n\t\t\tstroke: #ffffff;\n\t\t\tstroke-opacity: 0.01;\n\t\t}\n\t\t#hotspot-638 .leaflet-tooltip,\n\t#hotspot-638 .leaflet-rrose-content-wrapper {\n\t\tbackground: #2E2D29;\n\t\tborder-color: #2E2D29;\n\t\tcolor: #ffffff;\n\t}\n\n\t#hotspot-638 a.leaflet-rrose-close-button {\n\t\tcolor: #93C7A4;\n\t}\n\n\t#hotspot-638 .leaflet-rrose-tip {\n\t\tbackground: #2E2D29;\n\t}\n\n\t#hotspot-638 .leaflet-popup-scrolled {\n\t\tborder-bottom-color: #ffffff;\n\t\tborder-top-color: #ffffff;\n\t}\n\n\t#hotspot-638 .leaflet-tooltip-top:before {\n\t\tborder-top-color: #2E2D29;\n\t}\n\n\t#hotspot-638 .leaflet-tooltip-bottom:before {\n\t\tborder-bottom-color: #2E2D29;\n\t}\n\t#hotspot-638 .leaflet-tooltip-left:before {\n\t\tborder-left-color: #2E2D29;\n\t}\n\t#hotspot-638 .leaflet-tooltip-right:before {\n\t\tborder-right-color: #2E2D29;\n\t}\n<\/style>\n\n\t\n\t<div class=\"hotspots-container links-only layout-left event-click\" id=\"hotspot-638\" data-layout=\"left\" data-trigger=\"click\">\n\t\t<div class=\"hotspots-interaction\">\n\t\t\t<div class=\"hotspots-image-container\">\n\t<img\n\t\twidth=\"1920\"\n\t\theight=\"1080\"\n\t\tsrc=\"https:\/\/cuidativa.ufpel.edu.br\/wp-content\/uploads\/2026\/03\/CUIDATIVA-Centro-Regional-de-Referencia-em-Cuidados-Paliativos-FAMED-UFPEL-3.png\"\n\t\talt=\"home_map\"\n\t\tclass=\"hotspots-image skip-lazy\"\n\t\tusemap=\"#hotspots-image-638\"\n\t\tdata-image-title=\"home_map\"\n\t\tdata-image-description=\"\"\n\t\tdata-event-trigger=\"click\"\n\t\tdata-always-visible=\"false\"\n\t\tdata-id=\"638\"\n\t\tdata-no-lazy=\"1\"\n\t\tdata-lazy-src=\"\"\n\t\tdata-lazy=\"false\"\n\t\tloading=\"eager\"\n\t\tdata-skip-lazy=\"1\"\n\t\t>\n<\/div>\t\t<\/div>\n\t\t<map name=\"hotspots-image-638\" class=\"hotspots-map\">\n\t\t\t\t\t\t\t\t\t\t\t<area\n\t\t\t\t\tshape=\"polygon\"\n\t\t\t\t\tcoords=\"551,426,551,265,945,265,945,426\"\n\t\t\t\t\thref=\"https:\/\/cuidativa.ufpel.edu.br\/wordpress\/index.php\/a-cuidativa\/\"\n\t\t\t\t\trel=\"\"\n\t\t\t\t\ttitle=\"\"\n\t\t\t\t\talt=\"\"\n\t\t\t\t\tdata-action=\"url\"\n\t\t\t\t\tdata-color-scheme=\"\"\n\t\t\t\t\ttarget=\"\"\n\t\t\t\t\tclass=\"url-area\"\n\t\t\t\t\t>\n\t\t\t\t\t\t\t\t\t\t\t<area\n\t\t\t\t\tshape=\"polygon\"\n\t\t\t\t\tcoords=\"555,617,555,456,953,456,953,617\"\n\t\t\t\t\thref=\"https:\/\/cuidativa.ufpel.edu.br\/wordpress\/index.php\/hospice\"\n\t\t\t\t\trel=\"\"\n\t\t\t\t\ttitle=\"\"\n\t\t\t\t\talt=\"\"\n\t\t\t\t\tdata-action=\"url\"\n\t\t\t\t\tdata-color-scheme=\"\"\n\t\t\t\t\ttarget=\"\"\n\t\t\t\t\tclass=\"url-area\"\n\t\t\t\t\t>\n\t\t\t\t\t\t\t\t\t\t\t<area\n\t\t\t\t\tshape=\"polygon\"\n\t\t\t\t\tcoords=\"556,813,556,656,955,656,955,813\"\n\t\t\t\t\thref=\"https:\/\/cuidativa.ufpel.edu.br\/wordpress\/index.php\/cuidativa-emcp-e-eacp\/\"\n\t\t\t\t\trel=\"\"\n\t\t\t\t\ttitle=\"\"\n\t\t\t\t\talt=\"\"\n\t\t\t\t\tdata-action=\"url\"\n\t\t\t\t\tdata-color-scheme=\"\"\n\t\t\t\t\ttarget=\"\"\n\t\t\t\t\tclass=\"url-area\"\n\t\t\t\t\t>\n\t\t\t\t\t\t\t\t\t\t\t<area\n\t\t\t\t\tshape=\"polygon\"\n\t\t\t\t\tcoords=\"1102,228,1102,61,1547,61,1547,228\"\n\t\t\t\t\thref=\"https:\/\/cuidativa.ufpel.edu.br\/wordpress\/index.php\/a-cuidativa\/\"\n\t\t\t\t\trel=\"\"\n\t\t\t\t\ttitle=\"\"\n\t\t\t\t\talt=\"\"\n\t\t\t\t\tdata-action=\"url\"\n\t\t\t\t\tdata-color-scheme=\"\"\n\t\t\t\t\ttarget=\"\"\n\t\t\t\t\tclass=\"url-area\"\n\t\t\t\t\t>\n\t\t\t\t\t\t\t\t\t\t\t<area\n\t\t\t\t\tshape=\"polygon\"\n\t\t\t\t\tcoords=\"1108,412,1108,264,1550,264,1550,412\"\n\t\t\t\t\thref=\"https:\/\/cuidativa.ufpel.edu.br\/wordpress\/index.php\/a-cuidativa\/\"\n\t\t\t\t\trel=\"\"\n\t\t\t\t\ttitle=\"\"\n\t\t\t\t\talt=\"\"\n\t\t\t\t\tdata-action=\"url\"\n\t\t\t\t\tdata-color-scheme=\"\"\n\t\t\t\t\ttarget=\"\"\n\t\t\t\t\tclass=\"url-area\"\n\t\t\t\t\t>\n\t\t\t\t\t\t\t\t\t\t\t<area\n\t\t\t\t\tshape=\"polygon\"\n\t\t\t\t\tcoords=\"1108,610,1108,456,1550,456,1550,610\"\n\t\t\t\t\thref=\"https:\/\/cuidativa.ufpel.edu.br\/wordpress\/index.php\/a-cuidativa\/\"\n\t\t\t\t\trel=\"\"\n\t\t\t\t\ttitle=\"\"\n\t\t\t\t\talt=\"\"\n\t\t\t\t\tdata-action=\"url\"\n\t\t\t\t\tdata-color-scheme=\"\"\n\t\t\t\t\ttarget=\"\"\n\t\t\t\t\tclass=\"url-area\"\n\t\t\t\t\t>\n\t\t\t\t\t\t\t\t\t\t\t<area\n\t\t\t\t\tshape=\"polygon\"\n\t\t\t\t\tcoords=\"573,1005,573,851,919,851,919,1005\"\n\t\t\t\t\thref=\"https:\/\/cuidativa.ufpel.edu.br\/index.php\/indicadores-cuidativa-60\/\"\n\t\t\t\t\trel=\"\"\n\t\t\t\t\ttitle=\"\"\n\t\t\t\t\talt=\"\"\n\t\t\t\t\tdata-action=\"url\"\n\t\t\t\t\tdata-color-scheme=\"\"\n\t\t\t\t\ttarget=\"\"\n\t\t\t\t\tclass=\"url-area\"\n\t\t\t\t\t>\n\t\t\t\t\t<\/map>\n\n\t\t\n\t\t\t\t\t\t\t\t\t\t\t\t\t\t\t\t\t\t\t\t\t\t\t\t<\/div>\n\n\n<\/div>\n\n\n\n<div class=\"wp-block-column is-layout-flow wp-block-column-is-layout-flow\" style=\"flex-basis:26%\">\n<div id=\"sb_instagram\" role=\"region\" aria-label=\"Instagram feed\"  class=\"sbi sbi_mob_col_1 sbi_tab_col_1 sbi_col_1 sbi_width_resp sbi_fixed_height\" style=\"padding-bottom: 2px; height: 300px;\"\t data-feedid=\"*1\"  data-res=\"medium\" data-cols=\"1\" data-colsmobile=\"1\" data-colstablet=\"1\" data-num=\"1\" data-nummobile=\"1\" data-item-padding=\"1\"\t data-shortcode-atts=\"{}\"  data-postid=\"137\" data-locatornonce=\"75e5c55492\" data-imageaspectratio=\"1:1\" data-sbi-flags=\"favorLocal\">\n\t\n\t<div id=\"sbi_images\" role=\"list\"  style=\"gap: 2px;\">\n\t\t\t<\/div>\n\n\t<div id=\"sbi_load\" >\n\n\t<div class=\"sbi-screenreader\" aria-live=\"polite\" aria-atomic=\"true\" data-sbi-feed-status><\/div>\n\n\t\n\t\t\t<span class=\"sbi_follow_btn sbi_custom\" >\n\t\t\t<a target=\"_blank\"\n\t\t\t\trel=\"nofollow noopener\"  href=\"https:\/\/www.instagram.com\/cuidativapelotas\/\" style=\"background: rgb(64,139,209);\">\n\t\t\t\t<svg class=\"svg-inline--fa fa-instagram fa-w-14\" aria-hidden=\"true\" data-fa-processed=\"\" aria-label=\"Instagram\" data-prefix=\"fab\" data-icon=\"instagram\" role=\"img\" viewBox=\"0 0 448 512\">\n                    <path fill=\"currentColor\" d=\"M224.1 141c-63.6 0-114.9 51.3-114.9 114.9s51.3 114.9 114.9 114.9S339 319.5 339 255.9 287.7 141 224.1 141zm0 189.6c-41.1 0-74.7-33.5-74.7-74.7s33.5-74.7 74.7-74.7 74.7 33.5 74.7 74.7-33.6 74.7-74.7 74.7zm146.4-194.3c0 14.9-12 26.8-26.8 26.8-14.9 0-26.8-12-26.8-26.8s12-26.8 26.8-26.8 26.8 12 26.8 26.8zm76.1 27.2c-1.7-35.9-9.9-67.7-36.2-93.9-26.2-26.2-58-34.4-93.9-36.2-37-2.1-147.9-2.1-184.9 0-35.8 1.7-67.6 9.9-93.9 36.1s-34.4 58-36.2 93.9c-2.1 37-2.1 147.9 0 184.9 1.7 35.9 9.9 67.7 36.2 93.9s58 34.4 93.9 36.2c37 2.1 147.9 2.1 184.9 0 35.9-1.7 67.7-9.9 93.9-36.2 26.2-26.2 34.4-58 36.2-93.9 2.1-37 2.1-147.8 0-184.8zM398.8 388c-7.8 19.6-22.9 34.7-42.6 42.6-29.5 11.7-99.5 9-132.1 9s-102.7 2.6-132.1-9c-19.6-7.8-34.7-22.9-42.6-42.6-11.7-29.5-9-99.5-9-132.1s-2.6-102.7 9-132.1c7.8-19.6 22.9-34.7 42.6-42.6 29.5-11.7 99.5-9 132.1-9s102.7-2.6 132.1 9c19.6 7.8 34.7 22.9 42.6 42.6 11.7 29.5 9 99.5 9 132.1s2.7 102.7-9 132.1z\"><\/path>\n                <\/svg>\t\t\t\t<span>Seguir no Instagram<\/span>\n\t\t\t<\/a>\n\t\t<\/span>\n\t\n<\/div>\n\t\t<span class=\"sbi_resized_image_data\" data-feed-id=\"*1\"\n\t\t  data-resized=\"[]\">\n\t<\/span>\n\t<\/div>\n\n<\/div>\n<\/div>\n\n\n\n<div class=\"wp-block-columns is-layout-flex wp-container-core-columns-is-layout-8f761849 wp-block-columns-is-layout-flex\">\n<div class=\"wp-block-column is-layout-flow wp-block-column-is-layout-flow\">\n<figure class=\"wp-block-image size-full\"><img fetchpriority=\"high\" decoding=\"async\" width=\"320\" height=\"320\" src=\"https:\/\/cuidativa.ufpel.edu.br\/wordpress\/wp-content\/uploads\/2025\/05\/3-1.png\" alt=\"\" class=\"wp-image-973\" srcset=\"https:\/\/cuidativa.ufpel.edu.br\/wp-content\/uploads\/2025\/05\/3-1.png 320w, https:\/\/cuidativa.ufpel.edu.br\/wp-content\/uploads\/2025\/05\/3-1-200x200.png 200w\" sizes=\"(max-width: 320px) 100vw, 320px\" \/><\/figure>\n<\/div>\n\n\n\n<div class=\"wp-block-column is-layout-flow wp-block-column-is-layout-flow\">\n<figure class=\"wp-block-image size-full\"><img decoding=\"async\" width=\"320\" height=\"320\" src=\"https:\/\/cuidativa.ufpel.edu.br\/wordpress\/wp-content\/uploads\/2025\/05\/4-1.png\" alt=\"\" class=\"wp-image-974\" srcset=\"https:\/\/cuidativa.ufpel.edu.br\/wp-content\/uploads\/2025\/05\/4-1.png 320w, https:\/\/cuidativa.ufpel.edu.br\/wp-content\/uploads\/2025\/05\/4-1-200x200.png 200w\" sizes=\"(max-width: 320px) 100vw, 320px\" \/><\/figure>\n<\/div>\n\n\n\n<div class=\"wp-block-column is-layout-flow wp-block-column-is-layout-flow\">\n<figure class=\"wp-block-image size-full\"><img decoding=\"async\" width=\"320\" height=\"320\" src=\"https:\/\/cuidativa.ufpel.edu.br\/wordpress\/wp-content\/uploads\/2025\/05\/5-1.png\" alt=\"\" class=\"wp-image-975\" srcset=\"https:\/\/cuidativa.ufpel.edu.br\/wp-content\/uploads\/2025\/05\/5-1.png 320w, https:\/\/cuidativa.ufpel.edu.br\/wp-content\/uploads\/2025\/05\/5-1-200x200.png 200w\" sizes=\"(max-width: 320px) 100vw, 320px\" \/><\/figure>\n<\/div>\n<\/div>\n","protected":false},"excerpt":{"rendered":"<p>A CUIDATIVA \u00e9 um espa\u00e7o para pacientes que sofrem por doen\u00e7as cr\u00f4nicas amea\u00e7adoras \u00e0 vida, seus familiares e cuidadores, que possuem limitados recursos financeiros para aliviar suas dores sociais, afetivas, f\u00edsicas e espirituais. O cuidado \u00e9 pela educa\u00e7\u00e3o humanizada, comprometida com uma forma\u00e7\u00e3o qualificada e solid\u00e1ria com a redu\u00e7\u00e3o do sofrimento humano. SAIBA MAIS!<\/p>\n","protected":false},"author":1,"featured_media":0,"parent":0,"menu_order":0,"comment_status":"closed","ping_status":"closed","template":"","meta":{"footnotes":""},"class_list":["post-137","page","type-page","status-publish","hentry"],"_links":{"self":[{"href":"https:\/\/cuidativa.ufpel.edu.br\/index.php\/wp-json\/wp\/v2\/pages\/137","targetHints":{"allow":["GET"]}}],"collection":[{"href":"https:\/\/cuidativa.ufpel.edu.br\/index.php\/wp-json\/wp\/v2\/pages"}],"about":[{"href":"https:\/\/cuidativa.ufpel.edu.br\/index.php\/wp-json\/wp\/v2\/types\/page"}],"author":[{"embeddable":true,"href":"https:\/\/cuidativa.ufpel.edu.br\/index.php\/wp-json\/wp\/v2\/users\/1"}],"replies":[{"embeddable":true,"href":"https:\/\/cuidativa.ufpel.edu.br\/index.php\/wp-json\/wp\/v2\/comments?post=137"}],"version-history":[{"count":203,"href":"https:\/\/cuidativa.ufpel.edu.br\/index.php\/wp-json\/wp\/v2\/pages\/137\/revisions"}],"predecessor-version":[{"id":988,"href":"https:\/\/cuidativa.ufpel.edu.br\/index.php\/wp-json\/wp\/v2\/pages\/137\/revisions\/988"}],"wp:attachment":[{"href":"https:\/\/cuidativa.ufpel.edu.br\/index.php\/wp-json\/wp\/v2\/media?parent=137"}],"curies":[{"name":"wp","href":"https:\/\/api.w.org\/{rel}","templated":true}]}}